{"id":825,"date":"2024-08-31T14:58:31","date_gmt":"2024-08-31T12:58:31","guid":{"rendered":"https:\/\/editions-mandron.com\/?page_id=825"},"modified":"2024-11-06T11:36:23","modified_gmt":"2024-11-06T10:36:23","slug":"sanctuaires","status":"publish","type":"page","link":"https:\/\/editions-mandron.com\/index.php\/sanctuaires\/","title":{"rendered":"Vie des Sanctuaires"},"content":{"rendered":"\n<h2 class=\"wp-block-heading\">Sanctuaire de Nevers<\/h2>\n\n\n<div class=\"wp-block-image\">\n<figure class=\"aligncenter size-full\"><img loading=\"lazy\" decoding=\"async\" width=\"526\" height=\"526\" src=\"https:\/\/editions-mandron.com\/wp-content\/uploads\/2024\/11\/Photo-affiche-Centenaire-Beatification-Ste-Bernadette.jpg\" alt=\"\" class=\"wp-image-1132\" srcset=\"https:\/\/editions-mandron.com\/wp-content\/uploads\/2024\/11\/Photo-affiche-Centenaire-Beatification-Ste-Bernadette.jpg 526w, https:\/\/editions-mandron.com\/wp-content\/uploads\/2024\/11\/Photo-affiche-Centenaire-Beatification-Ste-Bernadette-300x300.jpg 300w, https:\/\/editions-mandron.com\/wp-content\/uploads\/2024\/11\/Photo-affiche-Centenaire-Beatification-Ste-Bernadette-150x150.jpg 150w\" sizes=\"auto, (max-width: 526px) 100vw, 526px\" \/><\/figure>\n<\/div>\n\n\n<p><\/p>\n\n\n\n<h2 class=\"wp-block-heading\">Sanctuaire de Lourdes<\/h2>\n\n\n\n<p><strong>Du 13 au 15 ao\u00fbt 2024, lors de la f\u00eate de l&rsquo;Assomption de la Vierge Marie, a eu lieu la premi\u00e8re \u00e9dition de la \u00ab\u00a0F\u00eate du Livre Chr\u00e9tien\u00a0\u00bb, organis\u00e9e par la Librairie de la Grotte au Sanctuaire Notre-Dame de Lourdes.<\/strong> De nombreux auteurs ont pu d\u00e9dicac\u00e9 leurs livres, dans une ambiance conviviale : rencontres, partages, pour nourrir la foi et la vie spirituelle. P\u00e8re Michel Baute, Chapelain au Sanctuaire et auteur de notre maison d&rsquo;\u00e9dition, \u00e9tait pr\u00e9sent pour vous accueillir et vous pr\u00e9senter ses ouvrages, liant foi et vie concr\u00e8te quotidienne, dans un langage accessible \u00e0 tous.<\/p>\n\n\n\n<div data-wp-interactive=\"core\/file\" class=\"wp-block-file\"><object data-wp-bind--hidden=\"!state.hasPdfPreview\" hidden class=\"wp-block-file__embed\" data=\"https:\/\/editions-mandron.com\/wp-content\/uploads\/2024\/09\/Visuel-PDF-Fete-du-Livre-Lourdes-Michel-Baute.pdf\" type=\"application\/pdf\" style=\"width:100%;height:600px\" aria-label=\"Contenu embarqu\u00e9 Visuel PDF Fete du Livre Lourdes Michel Baute.\"><\/object><a id=\"wp-block-file--media-ba0eeed1-2f21-4654-8b4a-3d60177f017e\" href=\"https:\/\/editions-mandron.com\/wp-content\/uploads\/2024\/09\/Visuel-PDF-Fete-du-Livre-Lourdes-Michel-Baute.pdf\">Visuel PDF Fete du Livre Lourdes Michel Baute<\/a><a href=\"https:\/\/editions-mandron.com\/wp-content\/uploads\/2024\/09\/Visuel-PDF-Fete-du-Livre-Lourdes-Michel-Baute.pdf\" class=\"wp-block-file__button wp-element-button\" download aria-describedby=\"wp-block-file--media-ba0eeed1-2f21-4654-8b4a-3d60177f017e\">T\u00e9l\u00e9charger<\/a><\/div>\n\n\n\n<figure class=\"wp-block-gallery has-nested-images columns-default is-cropped wp-block-gallery-1 is-layout-flex wp-block-gallery-is-layout-flex\">\n<figure class=\"wp-block-image size-large\"><img loading=\"lazy\" decoding=\"async\" width=\"417\" height=\"590\" data-id=\"973\" src=\"https:\/\/editions-mandron.com\/wp-content\/uploads\/2024\/09\/Affiche-fete-du-livre-chretien-Lib-de-la-Grotte-Lourdes-aout-2024.jpg\" alt=\"\" class=\"wp-image-973\" srcset=\"https:\/\/editions-mandron.com\/wp-content\/uploads\/2024\/09\/Affiche-fete-du-livre-chretien-Lib-de-la-Grotte-Lourdes-aout-2024.jpg 417w, https:\/\/editions-mandron.com\/wp-content\/uploads\/2024\/09\/Affiche-fete-du-livre-chretien-Lib-de-la-Grotte-Lourdes-aout-2024-212x300.jpg 212w\" sizes=\"auto, (max-width: 417px) 100vw, 417px\" \/><\/figure>\n\n\n\n<figure class=\"wp-block-image size-large\"><img loading=\"lazy\" decoding=\"async\" width=\"1024\" height=\"576\" data-id=\"974\" src=\"https:\/\/editions-mandron.com\/wp-content\/uploads\/2024\/09\/Photo-Michel-Baute-Fete-du-Livre-Chretien-2024-1024x576.jpg\" alt=\"\" class=\"wp-image-974\" srcset=\"https:\/\/editions-mandron.com\/wp-content\/uploads\/2024\/09\/Photo-Michel-Baute-Fete-du-Livre-Chretien-2024-1024x576.jpg 1024w, https:\/\/editions-mandron.com\/wp-content\/uploads\/2024\/09\/Photo-Michel-Baute-Fete-du-Livre-Chretien-2024-300x169.jpg 300w, https:\/\/editions-mandron.com\/wp-content\/uploads\/2024\/09\/Photo-Michel-Baute-Fete-du-Livre-Chretien-2024-768x432.jpg 768w, https:\/\/editions-mandron.com\/wp-content\/uploads\/2024\/09\/Photo-Michel-Baute-Fete-du-Livre-Chretien-2024.jpg 1200w\" sizes=\"auto, (max-width: 1024px) 100vw, 1024px\" \/><\/figure>\n\n\n\n<figure class=\"wp-block-image size-large\"><img loading=\"lazy\" decoding=\"async\" width=\"1024\" height=\"576\" data-id=\"975\" src=\"https:\/\/editions-mandron.com\/wp-content\/uploads\/2024\/09\/Photo-tentes-Fete-du-Livre-Chretien-2024-1024x576.jpg\" alt=\"\" class=\"wp-image-975\" srcset=\"https:\/\/editions-mandron.com\/wp-content\/uploads\/2024\/09\/Photo-tentes-Fete-du-Livre-Chretien-2024-1024x576.jpg 1024w, https:\/\/editions-mandron.com\/wp-content\/uploads\/2024\/09\/Photo-tentes-Fete-du-Livre-Chretien-2024-300x169.jpg 300w, https:\/\/editions-mandron.com\/wp-content\/uploads\/2024\/09\/Photo-tentes-Fete-du-Livre-Chretien-2024-768x432.jpg 768w, https:\/\/editions-mandron.com\/wp-content\/uploads\/2024\/09\/Photo-tentes-Fete-du-Livre-Chretien-2024.jpg 1200w\" sizes=\"auto, (max-width: 1024px) 100vw, 1024px\" \/><\/figure>\n<\/figure>\n\n\n\n<p><\/p>\n\n\n\n<h2 class=\"wp-block-heading\">Sanctuaire de la Salette<\/h2>\n\n\n\n<p><strong>Nicolas Dargegen, ami et responsable des archives et biblioth\u00e8ques du Sanctuaire de Lourdes, et le P\u00e8re Emmanuel Mvomo, chapelain de Lourdes, ont particip\u00e9 \u00e0 la session annuelle de la SFEM (Soci\u00e9t\u00e9 Fran\u00e7aise d\u2019\u00e9tudes mariales) qui a eu lieu \u00e0 La Salette du 26 au 29 ao\u00fbt.<\/strong><\/p>\n\n\n\n<p>Th\u00e9ologiens, mariologues ou historiens se sont retrouv\u00e9s pour \u00e9changer sur le th\u00e8me \u00ab Marie, la vie et le temps \u00bb.<\/p>\n\n\n\n<p>Nicolas Dargegen est intervenu pendant le congr\u00e8s en tant que responsable des archives et biblioth\u00e8que du Sanctuaire de Lourdes. De m\u00eame, le P\u00e8re Emmanuel Mvomo a donn\u00e9 une conf\u00e9rence sur le th\u00e8me : \u00ab Le temps d\u2019un p\u00e8lerinage, un temps avec Marie \u00bb.<a href=\"https:\/\/www.facebook.com\/photo\/?fbid=933780598792780&amp;set=pcb.933780725459434&amp;__cft__[0]=AZXfPDzT6XNV9BM5LVQJe3NIfDKKsBpIbVkA40LVfA88kOV5KrU-_0PaWfUYNyfAO66OSn645haSKVltrcfJua5KzzaaKtVN-D2VbdBAx7GNHeYcYkHrWlQbdB7hlSX1yPuQxpJFiMk1aE0Y5eVmR3FlqDdCFa4LxzmvhT2oeCk6iocn-4cFDKqqVB0BuOLEBWkhuqGxEfLa_LAKG_E9C_A9&amp;__tn__=*bH-R\"><\/a><\/p>\n\n\n\n<p><\/p>\n\n\n<div class=\"wp-block-image\">\n<figure class=\"alignleft size-large is-resized\"><img loading=\"lazy\" decoding=\"async\" width=\"768\" height=\"1024\" src=\"https:\/\/editions-mandron.com\/wp-content\/uploads\/2024\/09\/Photo-interieur-de-la-Basilique-de-La-Salette-768x1024.jpg\" alt=\"\" class=\"wp-image-969\" style=\"width:252px;height:auto\" srcset=\"https:\/\/editions-mandron.com\/wp-content\/uploads\/2024\/09\/Photo-interieur-de-la-Basilique-de-La-Salette-768x1024.jpg 768w, https:\/\/editions-mandron.com\/wp-content\/uploads\/2024\/09\/Photo-interieur-de-la-Basilique-de-La-Salette-225x300.jpg 225w, https:\/\/editions-mandron.com\/wp-content\/uploads\/2024\/09\/Photo-interieur-de-la-Basilique-de-La-Salette-1152x1536.jpg 1152w, https:\/\/editions-mandron.com\/wp-content\/uploads\/2024\/09\/Photo-interieur-de-la-Basilique-de-La-Salette.jpg 1200w\" sizes=\"auto, (max-width: 768px) 100vw, 768px\" \/><\/figure>\n<\/div>\n\n<div class=\"wp-block-image\">\n<figure class=\"alignright size-large is-resized\"><img loading=\"lazy\" decoding=\"async\" width=\"768\" height=\"1024\" src=\"https:\/\/editions-mandron.com\/wp-content\/uploads\/2024\/09\/Photo-statue2-de-ND-de-La-Salette-768x1024.jpg\" alt=\"\" class=\"wp-image-970\" style=\"width:229px;height:auto\" srcset=\"https:\/\/editions-mandron.com\/wp-content\/uploads\/2024\/09\/Photo-statue2-de-ND-de-La-Salette-768x1024.jpg 768w, https:\/\/editions-mandron.com\/wp-content\/uploads\/2024\/09\/Photo-statue2-de-ND-de-La-Salette-225x300.jpg 225w, https:\/\/editions-mandron.com\/wp-content\/uploads\/2024\/09\/Photo-statue2-de-ND-de-La-Salette-1152x1536.jpg 1152w, https:\/\/editions-mandron.com\/wp-content\/uploads\/2024\/09\/Photo-statue2-de-ND-de-La-Salette.jpg 1500w\" sizes=\"auto, (max-width: 768px) 100vw, 768px\" \/><\/figure>\n<\/div>\n\n\n<p><\/p>\n\n\n\n<p><\/p>\n\n\n\n<h2 class=\"wp-block-heading\">Sanctuaire de Rocamadour<\/h2>\n\n\n\n<p><\/p>\n\n\n\n<p>En cours&#8230;<\/p>\n\n\n\n<h2 class=\"wp-block-heading\">Sanctuaire d&rsquo;Ars<\/h2>\n\n\n\n<figure class=\"wp-block-gallery has-nested-images columns-default is-cropped wp-block-gallery-2 is-layout-flex wp-block-gallery-is-layout-flex\">\n<figure class=\"wp-block-image size-large\"><img loading=\"lazy\" decoding=\"async\" width=\"536\" height=\"536\" data-id=\"1133\" src=\"https:\/\/editions-mandron.com\/wp-content\/uploads\/2024\/11\/Photo1-librairie-Sanctuaire-dArs.jpg\" alt=\"\" class=\"wp-image-1133\" srcset=\"https:\/\/editions-mandron.com\/wp-content\/uploads\/2024\/11\/Photo1-librairie-Sanctuaire-dArs.jpg 536w, https:\/\/editions-mandron.com\/wp-content\/uploads\/2024\/11\/Photo1-librairie-Sanctuaire-dArs-300x300.jpg 300w, https:\/\/editions-mandron.com\/wp-content\/uploads\/2024\/11\/Photo1-librairie-Sanctuaire-dArs-150x150.jpg 150w\" sizes=\"auto, (max-width: 536px) 100vw, 536px\" \/><\/figure>\n\n\n\n<figure class=\"wp-block-image size-large\"><img loading=\"lazy\" decoding=\"async\" width=\"526\" height=\"526\" data-id=\"1134\" src=\"https:\/\/editions-mandron.com\/wp-content\/uploads\/2024\/11\/Image-Centenaire-Canonisation-2025-St-Cure-dArs.jpg\" alt=\"\" class=\"wp-image-1134\" srcset=\"https:\/\/editions-mandron.com\/wp-content\/uploads\/2024\/11\/Image-Centenaire-Canonisation-2025-St-Cure-dArs.jpg 526w, https:\/\/editions-mandron.com\/wp-content\/uploads\/2024\/11\/Image-Centenaire-Canonisation-2025-St-Cure-dArs-300x300.jpg 300w, https:\/\/editions-mandron.com\/wp-content\/uploads\/2024\/11\/Image-Centenaire-Canonisation-2025-St-Cure-dArs-150x150.jpg 150w\" sizes=\"auto, (max-width: 526px) 100vw, 526px\" \/><\/figure>\n<\/figure>\n\n\n\n<p><\/p>\n\n\n\n<h2 class=\"wp-block-heading\">Sanctuaire Sainte-Anne d&rsquo;Auray<\/h2>\n\n\n\n<figure class=\"wp-block-gallery has-nested-images columns-default is-cropped wp-block-gallery-3 is-layout-flex wp-block-gallery-is-layout-flex\">\n<figure class=\"wp-block-image size-large\"><img loading=\"lazy\" decoding=\"async\" width=\"509\" height=\"720\" data-id=\"1137\" src=\"https:\/\/editions-mandron.com\/wp-content\/uploads\/2024\/11\/Affiche-Ste-Anne-dAuray.jpg\" alt=\"\" class=\"wp-image-1137\" srcset=\"https:\/\/editions-mandron.com\/wp-content\/uploads\/2024\/11\/Affiche-Ste-Anne-dAuray.jpg 509w, https:\/\/editions-mandron.com\/wp-content\/uploads\/2024\/11\/Affiche-Ste-Anne-dAuray-212x300.jpg 212w\" sizes=\"auto, (max-width: 509px) 100vw, 509px\" \/><\/figure>\n\n\n\n<figure class=\"wp-block-image size-large\"><img loading=\"lazy\" decoding=\"async\" width=\"509\" height=\"720\" data-id=\"1138\" src=\"https:\/\/editions-mandron.com\/wp-content\/uploads\/2024\/11\/Jubile-Sainte-Anne-dAuray.jpg\" alt=\"\" class=\"wp-image-1138\" srcset=\"https:\/\/editions-mandron.com\/wp-content\/uploads\/2024\/11\/Jubile-Sainte-Anne-dAuray.jpg 509w, https:\/\/editions-mandron.com\/wp-content\/uploads\/2024\/11\/Jubile-Sainte-Anne-dAuray-212x300.jpg 212w\" sizes=\"auto, (max-width: 509px) 100vw, 509px\" \/><\/figure>\n<\/figure>\n","protected":false},"excerpt":{"rendered":"<p>Sanctuaire de Nevers Sanctuaire de Lourdes Du 13 au 15 ao\u00fbt 2024, lors de la f\u00eate de l&rsquo;Assomption de la Vierge Marie, a eu lieu la premi\u00e8re \u00e9dition de la \u00ab\u00a0F\u00eate du Livre Chr\u00e9tien\u00a0\u00bb, organis\u00e9e par la Librairie de la Grotte au Sanctuaire Notre-Dame de Lourdes. De nombreux auteurs ont pu d\u00e9dicac\u00e9 leurs livres, dans&hellip; <a class=\"more-link\" href=\"https:\/\/editions-mandron.com\/index.php\/sanctuaires\/\">Poursuivre la lecture <span class=\"screen-reader-text\">Vie des Sanctuaires<\/span><\/a><\/p>\n","protected":false},"author":1,"featured_media":0,"parent":0,"menu_order":0,"comment_status":"closed","ping_status":"closed","template":"","meta":{"footnotes":""},"class_list":["post-825","page","type-page","status-publish","hentry","entry"],"jetpack_sharing_enabled":true,"_links":{"self":[{"href":"https:\/\/editions-mandron.com\/index.php\/wp-json\/wp\/v2\/pages\/825","targetHints":{"allow":["GET"]}}],"collection":[{"href":"https:\/\/editions-mandron.com\/index.php\/wp-json\/wp\/v2\/pages"}],"about":[{"href":"https:\/\/editions-mandron.com\/index.php\/wp-json\/wp\/v2\/types\/page"}],"author":[{"embeddable":true,"href":"https:\/\/editions-mandron.com\/index.php\/wp-json\/wp\/v2\/users\/1"}],"replies":[{"embeddable":true,"href":"https:\/\/editions-mandron.com\/index.php\/wp-json\/wp\/v2\/comments?post=825"}],"version-history":[{"count":14,"href":"https:\/\/editions-mandron.com\/index.php\/wp-json\/wp\/v2\/pages\/825\/revisions"}],"predecessor-version":[{"id":1139,"href":"https:\/\/editions-mandron.com\/index.php\/wp-json\/wp\/v2\/pages\/825\/revisions\/1139"}],"wp:attachment":[{"href":"https:\/\/editions-mandron.com\/index.php\/wp-json\/wp\/v2\/media?parent=825"}],"curies":[{"name":"wp","href":"https:\/\/api.w.org\/{rel}","templated":true}]}}